{"id":75318,"date":"2023-01-30T13:01:40","date_gmt":"2023-01-30T18:01:40","guid":{"rendered":"https:\/\/www.ottawahospital.on.ca\/?page_id=75318"},"modified":"2023-11-14T09:16:56","modified_gmt":"2023-11-14T14:16:56","slug":"plan-strategique","status":"publish","type":"page","link":"https:\/\/www.ottawahospital.on.ca\/fr\/about-us\/plan-strategique\/","title":{"rendered":"Plan strat\u00e9gique"},"content":{"rendered":"\n<div class=\"wp-block-media-text alignfull has-media-on-the-right is-stacked-on-mobile is-vertically-aligned-center\"><div class=\"wp-block-media-text__content\">\n<h1 class=\"wp-block-heading has-text-align-center has-text-color\" style=\"color:#295d90;font-size:55px\"><strong>Nous redessinons l\u2019avenir des soins de sant\u00e9<\/strong><\/h1>\n<\/div><figure class=\"wp-block-media-text__media\"><img decoding=\"async\" width=\"970\" height=\"1024\" src=\"https:\/\/www.ottawahospital.on.ca\/wp-content\/uploads\/2023\/01\/Reshaping-Illustration-1-970x1024.png\" alt=\"Illustration d'un groupe de personnes travaillant dans un h\u00f4pital.\" class=\"wp-image-75435 size-full\" srcset=\"https:\/\/www.ottawahospital.on.ca\/wp-content\/uploads\/2023\/01\/Reshaping-Illustration-1-970x1024.png 970w, https:\/\/www.ottawahospital.on.ca\/wp-content\/uploads\/2023\/01\/Reshaping-Illustration-1-600x633.png 600w, https:\/\/www.ottawahospital.on.ca\/wp-content\/uploads\/2023\/01\/Reshaping-Illustration-1-284x300.png 284w, https:\/\/www.ottawahospital.on.ca\/wp-content\/uploads\/2023\/01\/Reshaping-Illustration-1-768x811.png 768w, https:\/\/www.ottawahospital.on.ca\/wp-content\/uploads\/2023\/01\/Reshaping-Illustration-1.png 1272w\" sizes=\"(max-width: 970px) 100vw, 970px\" \/><\/figure><\/div>\n\n\n\n<div style=\"height:50px\" aria-hidden=\"true\" class=\"wp-block-spacer\"><\/div>\n\n\n\n<h2 class=\"wp-block-heading\"><strong>Nouveau plan strat\u00e9gique de l\u2019h\u00f4pital d\u2019ottawa<\/strong><\/h2>\n\n\n\n<h3 class=\"wp-block-heading negmargintop10\">Un message de Cameron Love, Pr\u00e9sident-directeur g\u00e9n\u00e9ral, Virginia Roth, M\u00e9decin-chef, et Claude Doucet, Pr\u00e9sident, Conseil des gouverneurs.<\/h3>\n\n\n\n<p>Nous sommes ravis de vous pr\u00e9senter le nouveau Plan strat\u00e9gique de L\u2019H\u00f4pital d\u2019Ottawa, qui est le fruit des id\u00e9es du personnel, de m\u00e9decins, de patients et de leur famille, et de membres de la collectivit\u00e9.<\/p>\n\n\n\n<p>Il s\u2019agit d\u2019un plan it\u00e9ratif qui continuera d\u2019\u00e9voluer en fonction de nos r\u00e9alit\u00e9s et priorit\u00e9s sociales sans cesse changeantes. La pand\u00e9mie a soulign\u00e9 l\u2019importance de la r\u00e9silience et de la souplesse, ce qui nous a pouss\u00e9s \u00e0 repenser la place qu\u2019occupe L\u2019H\u00f4pital d\u2019Ottawa au c\u0153ur de la collectivit\u00e9 et du syst\u00e8me de sant\u00e9.<\/p>\n\n\n<p><button class=\"wp-block-button__link has-white-color has-text-color has-background wp-element-button\" style=\"background-color: #295d90; border: none;\" type=\"button\" data-toggle=\"modal\" data-target=\"#myModal\">Pour en savoir plus<\/button><\/p>\n<div id=\"myModal\" class=\"modal fade\" tabindex=\"-1\" role=\"dialog\" aria-labelledby=\"ModalScrollableTitle\" aria-hidden=\"true\">\n<div class=\"modal-dialog modal-dialog-scrollable\" role=\"document\">\n<div class=\"modal-content\">\n<p><!-- Modal Header --><\/p>\n<div class=\"modal-header\">\n<h2 class=\"modal-title text-center\">Un message de Cameron Love, Pr\u00e9sident-directeur g\u00e9n\u00e9ral, Virginia Roth, M\u00e9decin-chef, et Claude Doucet, Pr\u00e9sident, Conseil des gouverneurs.<\/h2>\n<p><button class=\"close\" type=\"button\" data-dismiss=\"modal\">\u00d7<\/button><\/p>\n<\/div>\n<p><!-- Modal body --><\/p>\n<div class=\"modal-body\">\n<div class=\"row\">\n<div class=\"col-md-12\">\n<p>Nous sommes ravis de vous pr\u00e9senter le nouveau Plan strat\u00e9gique de L\u2019H\u00f4pital d\u2019Ottawa, qui est le fruit des id\u00e9es du personnel, de m\u00e9decins, de patients et de leur famille, et de membres de la collectivit\u00e9.<\/p>\n<p>Il s\u2019agit d\u2019un plan it\u00e9ratif qui continuera d\u2019\u00e9voluer en fonction de nos r\u00e9alit\u00e9s et priorit\u00e9s sociales sans cesse changeantes. La pand\u00e9mie a soulign\u00e9 l\u2019importance de la r\u00e9silience et de la souplesse, ce qui nous a pouss\u00e9s \u00e0 repenser la place qu\u2019occupe L\u2019H\u00f4pital d\u2019Ottawa au c\u0153ur de la collectivit\u00e9 et du syst\u00e8me de sant\u00e9.<\/p>\n<p>Au fil des ann\u00e9es \u00e0 venir, L\u2019H\u00f4pital d\u2019Ottawa jouera un r\u00f4le de premier plan pour redessiner l\u2019avenir des soins de sant\u00e9 en fonction des besoins et des innovations du 21e si\u00e8cle. Nous envisageons d\u2019y parvenir en transcendant la notion du patient dans un h\u00f4pital pour soigner aussi la personne qui fait partie d\u2019une communaut\u00e9.<\/p>\n<p>C\u2019est gr\u00e2ce \u00e0 notre renomm\u00e9e mondiale aux premiers rangs du combat contre le cancer et les maladies neurologiques, entre autres, que nous attirerons encore plus d\u2019\u00e9minents cliniciens et chercheurs des quatre coins de la plan\u00e8te pour vous soigner, vous et vos proches. Apr\u00e8s tout, Ottawa figure parmi les meilleures villes au monde o\u00f9 il fait bon vivre et travailler. Et en tant que centre hospitalier universitaire d\u2019envergure, L\u2019H\u00f4pital d\u2019Ottawa continuera de former la prochaine g\u00e9n\u00e9ration de la cr\u00e8me des professionnels de la sant\u00e9.<\/p>\n<p>L\u2019inauguration du nouveau Campus Civic concr\u00e9tisera la r\u00e9putation de calibre mondial de L\u2019H\u00f4pital d\u2019Ottawa au sein de la collectivit\u00e9. Chaque habitant de la r\u00e9gion \u2013 et d\u2019aussi loin que le Nunavut \u2013\u202faura ainsi acc\u00e8s \u00e0 un nouveau centre de traumatologie ultramoderne, \u00e0 un centre de recherche neurologique \u00e0 la fine pointe de la technologie, et bien plus encore!<\/p>\n<p>Tout en d\u00e9ployant les grands moyens pour faire voir le jour au nouveau campus, nous poursuivrons des moyens de collaboration novateurs pour apporter ensemble des am\u00e9liorations et faire en sorte que tous les patients re\u00e7oivent des soins empreints de compassion et dignes des personnes qui nous sont ch\u00e8res.<\/p>\n<p>L\u2019H\u00f4pital d\u2019Ottawa se classe d\u00e9j\u00e0 parmi les meilleurs h\u00f4pitaux au Canada. Au cours des prochaines ann\u00e9es, nous comptons devenir un chef de file incontest\u00e9 \u00e0 l\u2019\u00e9chelle mondiale en mati\u00e8re de soins de sant\u00e9. \u00c0 titre de professionnels de la sant\u00e9 d\u00e9vou\u00e9s et de gens bien ordinaires, nous voulons tout ce qu\u2019il y a de mieux pour nos voisins, nos familles et nos amis.<\/p>\n<p>Nous sommes convaincus qu\u2019Ottawa peut, et doit, \u00eatre l\u2019une des collectivit\u00e9s en meilleure sant\u00e9 du monde, et nous nous engageons \u00e0 ouvrir la voie pour atteindre ensemble cet objectif commun.<\/p>\n<\/div>\n<\/div>\n<\/div>\n<\/div>\n<\/div>\n<\/div>\n\n\n<div class=\"wp-block-columns alignfull has-text-color has-background is-layout-flex wp-container-core-columns-is-layout-9d6595d7 wp-block-columns-is-layout-flex\" style=\"color:#000000;background-color:#ffffff\">\n<div class=\"wp-block-column .padding10 has-white-color has-text-color has-background is-layout-flow wp-block-column-is-layout-flow\" style=\"background-color:#002776\">\n<h3 class=\"wp-block-heading has-text-align-center padding15 has-white-color has-text-color\" style=\"font-size:30px;line-height:1.3\"><strong>Nous sommes<\/strong><\/h3>\n\n\n\n<p class=\"has-text-align-center padding15 negmargintop25\">les personnes qui vous soignent et nous sommes l\u00e0 pour vous, jour et nuit.<\/p>\n<\/div>\n\n\n\n<div class=\"wp-block-column .padding20 has-white-color has-text-color has-background is-layout-flow wp-block-column-is-layout-flow\" style=\"background-color:#002776\">\n<h3 class=\"wp-block-heading has-text-align-center padding15 has-white-color has-text-color\" style=\"font-size:30px;line-height:1.3\"><strong><strong>Nous sommes<\/strong><\/strong><\/h3>\n\n\n\n<p class=\"has-text-align-center padding15 negmargintop25\">vos voisins, votre famille, vos amis.<\/p>\n<\/div>\n\n\n\n<div class=\"wp-block-column .padding15 has-white-color has-text-color has-background is-layout-flow wp-block-column-is-layout-flow\" style=\"background-color:#002776\">\n<h3 class=\"wp-block-heading has-text-align-center padding15 has-white-color has-text-color\" style=\"font-size:30px;line-height:1.3\"><strong><strong>Notre vision<\/strong><\/strong><\/h3>\n\n\n\n<p class=\"has-text-align-center padding15 negmargintop25\">est d\u2019offrir des soins de calibre mondial exceptionnels avec une compassion digne des personnes qui nous sont ch\u00e8res.<\/p>\n<\/div>\n<\/div>\n\n\n\n<p>\u00c0 L\u2019H\u00f4pital d\u2019Ottawa, notre r\u00f4le ne consiste pas seulement \u00e0 servir notre collectivit\u00e9, mais aussi \u00e0 en incarner le microcosme. Cette perspective s\u2019inscrit au c\u0153ur de notre plan ambitieux pour notre avenir commun.<\/p>\n\n\n\n<p>Nous sommes vos m\u00e9decins, vos infirmi\u00e8res, vos pr\u00e9pos\u00e9s, vos techniciens, vos th\u00e9rapeutes, vos travailleuses sociales, vos commis et vos concierges, entre autres. Nous sommes quelque 17&nbsp;000&nbsp;professionnels qui incarnons l\u2019\u00e9norme diversit\u00e9 de notre population en mati\u00e8re d\u2019expertise, d\u2019exp\u00e9rience et de culture. Dans les ann\u00e9es \u00e0 venir, L\u2019H\u00f4pital d\u2019Ottawa refl\u00e9tera les besoins et les innovations propres au 21<sup>e<\/sup>&nbsp;si\u00e8cle, une \u00e8re o\u00f9 nous veillerons non seulement \u00e0 la sant\u00e9 du patient \u00e0 l\u2019int\u00e9rieur des murs de l\u2019h\u00f4pital, mais aussi \u00e0 celle de la personne qui vit au sein de la collectivit\u00e9.<\/p>\n\n\n\n<h2 class=\"has-background has-white-color has-text-color has-x-large-font-size\" style=\"background-color:#002776; padding:20px; width:300px; font-weight: bold;\">Nous allons<\/h2>\n\n\n\n<div class=\"wp-block-columns is-layout-flex wp-container-core-columns-is-layout-9d6595d7 wp-block-columns-is-layout-flex\">\n<div class=\"wp-block-column padding20 has-background is-layout-flow wp-block-column-is-layout-flow\" style=\"background-color:#71bac700\"><div class=\"wp-block-image is-style-default\">\n<figure class=\"aligncenter size-full is-resized\"><img decoding=\"async\" width=\"914\" height=\"650\" src=\"https:\/\/www.ottawahospital.on.ca\/wp-content\/uploads\/2023\/01\/enrich-illustration.jpg\" alt=\"\" class=\"wp-image-75199\" style=\"width:457px;height:325px\" srcset=\"https:\/\/www.ottawahospital.on.ca\/wp-content\/uploads\/2023\/01\/enrich-illustration.jpg 914w, https:\/\/www.ottawahospital.on.ca\/wp-content\/uploads\/2023\/01\/enrich-illustration-600x427.jpg 600w, https:\/\/www.ottawahospital.on.ca\/wp-content\/uploads\/2023\/01\/enrich-illustration-300x213.jpg 300w, https:\/\/www.ottawahospital.on.ca\/wp-content\/uploads\/2023\/01\/enrich-illustration-768x546.jpg 768w\" sizes=\"(max-width: 914px) 100vw, 914px\" \/><\/figure>\n<\/div>\n\n\n<h2 class=\"wp-block-heading has-text-align-center has-text-color has-x-large-font-size\" style=\"color:#a6be4b\"><strong>Rehausser<\/strong><\/h2>\n\n\n\n<h4 class=\"wp-block-heading has-text-align-center negmargintop25 has-text-color has-medium-font-size\" style=\"color:#295d90\">la qualit\u00e9 des soins<\/h4>\n\n\n\n<p class=\"has-text-align-center h-35 has-white-color has-text-color has-background\" style=\"background-color:#a6be4b\">Nous alimenterons la croissance d\u2019un syst\u00e8me de sant\u00e9 bas\u00e9 sur des soins int\u00e9gr\u00e9s pour les patients, et ce, dans l\u2019ensemble de notre r\u00e9seau de partenaires de sant\u00e9 et de services sociaux.<\/p>\n\n\n\n<div class=\"wp-block-buttons is-layout-flex wp-block-buttons-is-layout-flex\">\n<div class=\"wp-block-button aligncenter wp-element-button is-style-fill\"><a class=\"wp-block-button__link has-white-color has-text-color has-background wp-element-button\" href=\"\/fr\/about-us\/plan-strategique\/rehausser-la-qualite-des-soins\/\" style=\"background-color:#295d90\" alt=\"button\">En savoir plus<\/a><\/div>\n<\/div>\n<\/div>\n\n\n\n<div class=\"wp-block-column padding20 has-background is-layout-flow wp-block-column-is-layout-flow\" style=\"background-color:#71bac700\"><div class=\"wp-block-image is-style-default\">\n<figure class=\"aligncenter size-full is-resized\"><img decoding=\"async\" width=\"914\" height=\"650\" src=\"https:\/\/www.ottawahospital.on.ca\/wp-content\/uploads\/2023\/01\/Ignite-Illustration.jpg\" alt=\"\" class=\"wp-image-75201\" style=\"width:457px;height:325px\" srcset=\"https:\/\/www.ottawahospital.on.ca\/wp-content\/uploads\/2023\/01\/Ignite-Illustration.jpg 914w, https:\/\/www.ottawahospital.on.ca\/wp-content\/uploads\/2023\/01\/Ignite-Illustration-600x427.jpg 600w, https:\/\/www.ottawahospital.on.ca\/wp-content\/uploads\/2023\/01\/Ignite-Illustration-300x213.jpg 300w, https:\/\/www.ottawahospital.on.ca\/wp-content\/uploads\/2023\/01\/Ignite-Illustration-768x546.jpg 768w\" sizes=\"(max-width: 914px) 100vw, 914px\" \/><\/figure>\n<\/div>\n\n\n<h2 class=\"wp-block-heading has-text-align-center has-text-color has-x-large-font-size\" style=\"color:#c15c2e\"><strong>Optimiser<\/strong><\/h2>\n\n\n\n<h4 class=\"wp-block-heading has-text-align-center negmargintop25 has-text-color has-medium-font-size\" style=\"color:#295d90\">le potentiel de chaque personne<\/h4>\n\n\n\n<p class=\"has-text-align-center h-35 has-white-color has-text-color has-background\" style=\"background-color:#c15c2e\">Favoriser un milieu de travail qui inspire la fiert\u00e9, l\u2019ambition et l\u2019\u00e9panouissement.<\/p>\n\n\n\n<div class=\"wp-block-buttons is-layout-flex wp-block-buttons-is-layout-flex\">\n<div class=\"wp-block-button aligncenter is-style-fill\"><a class=\"wp-block-button__link has-white-color has-text-color has-background wp-element-button\" href=\"\/fr\/about-us\/plan-strategique\/optimiser-le-potentiel-des-personnes\/\" style=\"background-color:#295d90\">En savoir plus<\/a><\/div>\n<\/div>\n<\/div>\n<\/div>\n\n\n\n<div class=\"wp-block-columns is-layout-flex wp-container-core-columns-is-layout-9d6595d7 wp-block-columns-is-layout-flex\">\n<div class=\"wp-block-column is-layout-flow wp-block-column-is-layout-flow\">\n<figure class=\"wp-block-image size-full is-resized is-style-default\"><img decoding=\"async\" width=\"914\" height=\"650\" src=\"https:\/\/www.ottawahospital.on.ca\/wp-content\/uploads\/2023\/01\/Nurture-Illustration.jpg\" alt=\"\" class=\"wp-image-75207\" style=\"width:402px;height:285px\" srcset=\"https:\/\/www.ottawahospital.on.ca\/wp-content\/uploads\/2023\/01\/Nurture-Illustration.jpg 914w, https:\/\/www.ottawahospital.on.ca\/wp-content\/uploads\/2023\/01\/Nurture-Illustration-600x427.jpg 600w, https:\/\/www.ottawahospital.on.ca\/wp-content\/uploads\/2023\/01\/Nurture-Illustration-300x213.jpg 300w, https:\/\/www.ottawahospital.on.ca\/wp-content\/uploads\/2023\/01\/Nurture-Illustration-768x546.jpg 768w\" sizes=\"(max-width: 914px) 100vw, 914px\" \/><\/figure>\n\n\n\n<h2 class=\"wp-block-heading has-text-align-center has-text-color has-x-large-font-size\" style=\"color:#70b9c6\"><strong>Cultiver<\/strong><\/h2>\n\n\n\n<h4 class=\"wp-block-heading has-text-align-center negmargintop25 has-text-color has-medium-font-size\" style=\"color:#295d90\">notre responsabilit\u00e9 sociale<\/h4>\n\n\n\n<p class=\"has-text-align-center h-40 has-white-color has-text-color has-background\" style=\"background-color:#70b9c6\">Tout ce que nous faisons en mati\u00e8re de soins repose sur une profonde responsabilit\u00e9 sociale envers notre collectivit\u00e9. Nous assurerons un leadership pour naviguer dans un syst\u00e8me de sant\u00e9 complexe en vue d\u2019am\u00e9liorer la sant\u00e9 de notre population diversifi\u00e9e et de favoriser une plan\u00e8te plus saine pour tous.<\/p>\n\n\n\n<div class=\"wp-block-buttons is-layout-flex wp-block-buttons-is-layout-flex\">\n<div class=\"wp-block-button aligncenter is-style-fill\"><a class=\"wp-block-button__link has-white-color has-text-color has-background wp-element-button\" href=\"\/fr\/about-us\/plan-strategique\/cultiver-notre-responsabilite-sociale\/\" style=\"background-color:#295d90\">En savoir plus<\/a><\/div>\n<\/div>\n<\/div>\n\n\n\n<div class=\"wp-block-column is-layout-flow wp-block-column-is-layout-flow\">\n<figure class=\"wp-block-image size-full is-style-default\"><img decoding=\"async\" width=\"914\" height=\"650\" src=\"https:\/\/www.ottawahospital.on.ca\/wp-content\/uploads\/2023\/01\/Accelerate-Illustration.jpg\" alt=\"\" class=\"wp-image-75209\" srcset=\"https:\/\/www.ottawahospital.on.ca\/wp-content\/uploads\/2023\/01\/Accelerate-Illustration.jpg 914w, https:\/\/www.ottawahospital.on.ca\/wp-content\/uploads\/2023\/01\/Accelerate-Illustration-600x427.jpg 600w, https:\/\/www.ottawahospital.on.ca\/wp-content\/uploads\/2023\/01\/Accelerate-Illustration-300x213.jpg 300w, https:\/\/www.ottawahospital.on.ca\/wp-content\/uploads\/2023\/01\/Accelerate-Illustration-768x546.jpg 768w\" sizes=\"(max-width: 914px) 100vw, 914px\" \/><\/figure>\n\n\n\n<h2 class=\"wp-block-heading has-text-align-center has-text-color has-x-large-font-size\" style=\"color:#da1c5c\"><strong>Acc\u00e9l\u00e9rer<\/strong><\/h2>\n\n\n\n<h4 class=\"wp-block-heading has-text-align-center negmargintop25 has-text-color has-medium-font-size\" style=\"color:#295d90\">la d\u00e9couverte<\/h4>\n\n\n\n<p class=\"has-text-align-center h-40 has-white-color has-text-color has-background\" style=\"background-color:#da1c5c\">Nous m\u00e8nerons des travaux de recherche de pointe percutants pour cr\u00e9er de nouveaux outils et traitements b\u00e9n\u00e9fiques aux patients et relever notre stature de chef de file mondial en recherche et en enseignement.<\/p>\n\n\n\n<div class=\"wp-block-buttons is-layout-flex wp-block-buttons-is-layout-flex\">\n<div class=\"wp-block-button aligncenter is-style-fill\"><a class=\"wp-block-button__link has-white-color has-text-color has-background wp-element-button\" href=\"\/fr\/about-us\/plan-strategique\/accelerer-la-decouverte\/\" style=\"background-color:#295d90\">En savoir plus<\/a><\/div>\n<\/div>\n<\/div>\n<\/div>\n","protected":false},"excerpt":{"rendered":"<p>Nous redessinons l\u2019avenir des soins de sant\u00e9 Nouveau plan strat\u00e9gique de l\u2019h\u00f4pital d\u2019ottawa Un message de Cameron Love, Pr\u00e9sident-directeur g\u00e9n\u00e9ral, Virginia Roth, M\u00e9decin-chef, et Claude Doucet, Pr\u00e9sident, Conseil des gouverneurs. Nous sommes ravis de vous pr\u00e9senter le nouveau Plan strat\u00e9gique de L\u2019H\u00f4pital d\u2019Ottawa, qui est le fruit des id\u00e9es du personnel, de m\u00e9decins, de patients [&hellip;]<\/p>\n","protected":false},"author":25,"featured_media":0,"parent":74,"menu_order":3,"comment_status":"closed","ping_status":"closed","template":"","meta":{"_acf_changed":false,"_mc_calendar":[],"footnotes":""},"class_list":["post-75318","page","type-page","status-publish","hentry"],"acf":[],"wps_subtitle":"","_links":{"self":[{"href":"https:\/\/www.ottawahospital.on.ca\/fr\/wp-json\/wp\/v2\/pages\/75318","targetHints":{"allow":["GET"]}}],"collection":[{"href":"https:\/\/www.ottawahospital.on.ca\/fr\/wp-json\/wp\/v2\/pages"}],"about":[{"href":"https:\/\/www.ottawahospital.on.ca\/fr\/wp-json\/wp\/v2\/types\/page"}],"author":[{"embeddable":true,"href":"https:\/\/www.ottawahospital.on.ca\/fr\/wp-json\/wp\/v2\/users\/25"}],"replies":[{"embeddable":true,"href":"https:\/\/www.ottawahospital.on.ca\/fr\/wp-json\/wp\/v2\/comments?post=75318"}],"version-history":[{"count":0,"href":"https:\/\/www.ottawahospital.on.ca\/fr\/wp-json\/wp\/v2\/pages\/75318\/revisions"}],"up":[{"embeddable":true,"href":"https:\/\/www.ottawahospital.on.ca\/fr\/wp-json\/wp\/v2\/pages\/74"}],"wp:attachment":[{"href":"https:\/\/www.ottawahospital.on.ca\/fr\/wp-json\/wp\/v2\/media?parent=75318"}],"curies":[{"name":"wp","href":"https:\/\/api.w.org\/{rel}","templated":true}]}}