{"id":46669,"date":"2019-05-16T15:50:05","date_gmt":"2019-05-16T19:50:05","guid":{"rendered":"https:\/\/www.ottawahospital.on.ca\/?page_id=46669"},"modified":"2019-05-30T22:19:41","modified_gmt":"2019-05-31T02:19:41","slug":"dr-mark-kaluzienski","status":"publish","type":"page","link":"https:\/\/www.ottawahospital.on.ca\/fr\/about-us\/notre-equipe-de-direction\/equipe-de-la-haute-direction\/dr-mark-kaluzienski\/","title":{"rendered":"Dr Mark Kaluzienski"},"content":{"rendered":"<div id=\"attachment_46659\" style=\"width: 145px\" class=\"wp-caption alignleft\"><img decoding=\"async\" aria-describedby=\"caption-attachment-46659\" class=\"img-responsive wp-image-46659 size-full\" src=\"https:\/\/www.ottawahospital.on.ca\/wp-content\/uploads\/2019\/05\/Mark-Profile-picture.jpg\" alt=\"Dr. Mark Kaluzienski\" width=\"135\" height=\"169\"><p id=\"caption-attachment-46659\" class=\"wp-caption-text\"><strong>D<sup>r<\/sup> Mark Kaluzienski<\/strong><br \/>Chef (par int\u00e9rim), Sant\u00e9 mentale<\/p><\/div>\n<p>Le Dr Mark Kaluzienski est chef int\u00e9rimaire du D\u00e9partement de sant\u00e9 mentale \u00e0 L\u2019H\u00f4pital d\u2019Ottawa.<\/p>\n<p>Au terme d\u2019une sursp\u00e9cialisation en neuropsychiatrie et troubles du d\u00e9veloppement de l\u2019enfance, le Dr Kaluzienski est recrut\u00e9 \u00e0 L\u2019H\u00f4pital d\u2019Ottawa en 2009. Il a eu le plaisir de travailler dans presque tous les programmes de neuropsychiatrie de l\u2019H\u00f4pital, y compris des sp\u00e9cialisations en intervention au premier \u00e9pisode de psychose, en psychiatrie chez les personnes atteintes du VIH, ainsi qu\u2019en h\u00e9patite C et cirrhose. Il est actuellement le directeur m\u00e9dical du Service d\u2019urgence psychiatrique et chef adjoint du D\u00e9partement de sant\u00e9 mentale. Il est aussi consultant en mati\u00e8re de troubles concomitants au Centre de sant\u00e9 mentale Royal Ottawa. Auparavant, le Dr Kaluzienski a si\u00e9g\u00e9 aux conseils d\u2019administration de l\u2019Association des psychiatres du Canada, de l\u2019Association des psychiatres de l\u2019Ontario et de l\u2019Academy of Medicine Ottawa, o\u00f9 il a organis\u00e9 des conf\u00e9rences locales et provinciales. Il a h\u00e2te de relever un d\u00e9fi \u00ab Epic \u00bb au poste de chef int\u00e9rimaire du D\u00e9partement de sant\u00e9 mentale.<\/p>\n","protected":false},"excerpt":{"rendered":"<p>Le Dr Mark Kaluzienski est chef int\u00e9rimaire du D\u00e9partement de sant\u00e9 mentale \u00e0 L\u2019H\u00f4pital d\u2019Ottawa. Au terme d\u2019une sursp\u00e9cialisation en neuropsychiatrie et troubles du d\u00e9veloppement de l\u2019enfance, le Dr Kaluzienski est recrut\u00e9 \u00e0 L\u2019H\u00f4pital d\u2019Ottawa en 2009. Il a eu le plaisir de travailler dans presque tous les programmes de neuropsychiatrie de l\u2019H\u00f4pital, y compris [&hellip;]<\/p>\n","protected":false},"author":25,"featured_media":0,"parent":4550,"menu_order":14,"comment_status":"closed","ping_status":"closed","template":"","meta":{"_acf_changed":false,"_mc_calendar":[],"footnotes":""},"class_list":["post-46669","page","type-page","status-publish","hentry"],"acf":[],"wps_subtitle":"","_links":{"self":[{"href":"https:\/\/www.ottawahospital.on.ca\/fr\/wp-json\/wp\/v2\/pages\/46669","targetHints":{"allow":["GET"]}}],"collection":[{"href":"https:\/\/www.ottawahospital.on.ca\/fr\/wp-json\/wp\/v2\/pages"}],"about":[{"href":"https:\/\/www.ottawahospital.on.ca\/fr\/wp-json\/wp\/v2\/types\/page"}],"author":[{"embeddable":true,"href":"https:\/\/www.ottawahospital.on.ca\/fr\/wp-json\/wp\/v2\/users\/25"}],"replies":[{"embeddable":true,"href":"https:\/\/www.ottawahospital.on.ca\/fr\/wp-json\/wp\/v2\/comments?post=46669"}],"version-history":[{"count":0,"href":"https:\/\/www.ottawahospital.on.ca\/fr\/wp-json\/wp\/v2\/pages\/46669\/revisions"}],"up":[{"embeddable":true,"href":"https:\/\/www.ottawahospital.on.ca\/fr\/wp-json\/wp\/v2\/pages\/4550"}],"wp:attachment":[{"href":"https:\/\/www.ottawahospital.on.ca\/fr\/wp-json\/wp\/v2\/media?parent=46669"}],"curies":[{"name":"wp","href":"https:\/\/api.w.org\/{rel}","templated":true}]}}