{"id":36910,"date":"2018-04-24T15:50:53","date_gmt":"2018-04-24T19:50:53","guid":{"rendered":"http:\/\/www.ottawahospital.on.ca\/?page_id=36910"},"modified":"2020-10-21T10:57:36","modified_gmt":"2020-10-21T14:57:36","slug":"notre-equipe","status":"publish","type":"page","link":"https:\/\/www.ottawahospital.on.ca\/fr\/services-cliniques\/deptpgrmcs\/departements\/imagerie-medicale\/a-propos-de-nous\/notre-equipe\/","title":{"rendered":"Notre \u00e9quipe"},"content":{"rendered":"<div class=\"toh-tc-row\">\n<div class=\"col-lg-4 col-md-4 col-sm-6 col-xs-12 mb-4\">\n<div class=\"toh-tc h-100\">\n<div class=\"toh-tc-body text-center\">\n<p><img decoding=\"async\" src=\"\/wp-content\/uploads\/2020\/08\/Reece-Bearnes.jpg\" alt=\"Reece Bearnes\"><\/p>\n<h4 class=\"toh-tc-title\">Reece Bearnes<\/h4>\n<p class=\"toh-tc-text\">Directeur, Soins ambulatoires<br \/>\nImagerie m\u00e9dicale et ambulatoire<\/p>\n<\/div>\n<\/div>\n<\/div>\n<div class=\"col-lg-4 col-md-4 col-sm-6 col-xs-12 mb-4\">\n<div class=\"toh-tc h-100\">\n<div class=\"toh-tc-body text-center\">\n<p><img decoding=\"async\" src=\"\/wp-content\/uploads\/2020\/08\/Ellen-Alie.jpg\" alt=\"Ellen Alie\"><\/p>\n<h4 class=\"toh-tc-title\">Ellen Alie<\/h4>\n<p class=\"toh-tc-text\">Gestionnaire<br \/>\nD\u00e9pistage et pr\u00e9vention int\u00e9gr\u00e9s du cancer et Imagerie du sein<\/p>\n<\/div>\n<\/div>\n<\/div>\n<div class=\"col-lg-4 col-md-4 col-sm-6 col-xs-12 mb-4\">\n<div class=\"toh-tc h-100\">\n<div class=\"toh-tc-body text-center\">\n<p><img decoding=\"async\" src=\"\/wp-content\/uploads\/2020\/08\/Paul-Healey.jpg\" alt=\"Paul Healey\"><\/p>\n<h4 class=\"toh-tc-title\">Paul Healey<\/h4>\n<p class=\"toh-tc-text\">Gestionnaire<br \/>\nRadiologie interventionnelle et Tomodensitom\u00e9trie<\/p>\n<\/div>\n<\/div>\n<\/div>\n<div class=\"col-lg-4 col-md-4 col-sm-6 col-xs-12 mb-4\">\n<div class=\"toh-tc h-100\">\n<div class=\"toh-tc-body text-center\">\n<p><img decoding=\"async\" src=\"\/wp-content\/uploads\/2020\/08\/Ines-Lonz.jpg\" alt=\"Ines Lonz\"><\/p>\n<h4 class=\"toh-tc-title\">Ines Lonz<\/h4>\n<p class=\"toh-tc-text\">Gestionnaire<br \/>\nM\u00e9decine nucl\u00e9aire et Imagerie par r\u00e9sonance magn\u00e9tique<\/p>\n<\/div>\n<\/div>\n<\/div>\n<div class=\"col-lg-4 col-md-4 col-sm-6 col-xs-12 mb-4\">\n<div class=\"toh-tc h-100\">\n<div class=\"toh-tc-body text-center\">\n<p><img decoding=\"async\" src=\"\/wp-content\/uploads\/2020\/08\/Sheila-Dowell.jpg\" alt=\"Sheila Dowel\"><\/p>\n<h4 class=\"toh-tc-title\">Sheila Dowel<\/h4>\n<p class=\"toh-tc-text\">Gestionnaire<br \/>\nM\u00e9decine nucl\u00e9aire et Imagerie par r\u00e9sonance magn\u00e9tique<\/p>\n<\/div>\n<\/div>\n<\/div>\n<div class=\"col-lg-4 col-md-4 col-sm-6 col-xs-12 mb-4\">\n<div class=\"toh-tc h-100\">\n<div class=\"toh-tc-body text-center\">\n<p><img decoding=\"async\" src=\"\/wp-content\/uploads\/2020\/08\/Tina-Corriveau.jpg\" alt=\"Tina Corriveau\"><\/p>\n<h4 class=\"toh-tc-title\">Tina Corriveau<\/h4>\n<p class=\"toh-tc-text\">Responsable de la pratique professionnelle en imagerie m\u00e9dicale<\/p>\n<\/div>\n<\/div>\n<\/div>\n<div class=\"col-lg-4 col-md-4 col-sm-6 col-xs-12 mb-4\">\n<div class=\"toh-tc h-100\">\n<div class=\"toh-tc-body text-center\">\n<p><img decoding=\"async\" src=\"\/wp-content\/uploads\/2020\/08\/Gerri-Anne-Kay.jpg\" alt=\"Gerri-Anne Kay \"><\/p>\n<h4 class=\"toh-tc-title\">Gerri-Anne Kay<\/h4>\n<p class=\"toh-tc-text\">Gestionnaire<br \/>\nRadiographie g\u00e9n\u00e9rale<\/p>\n<\/div>\n<\/div>\n<\/div>\n<div class=\"col-lg-4 col-md-4 col-sm-6 col-xs-12 mb-4\">\n<div class=\"toh-tc h-100\">\n<div class=\"toh-tc-body text-center\">\n<p><img decoding=\"async\" src=\"\/wp-content\/uploads\/2020\/08\/Robert-Chatelain.jpg\" alt=\"Robert Chatelain\"><\/p>\n<h4 class=\"toh-tc-title\">Robert Chatelain<\/h4>\n<p class=\"toh-tc-text\">Superviseur<br \/>\nRadiologie g\u00e9n\u00e9rale<\/p>\n<\/div>\n<\/div>\n<\/div>\n<div class=\"col-lg-4 col-md-4 col-sm-6 col-xs-12 mb-4\">\n<div class=\"toh-tc h-100\">\n<div class=\"toh-tc-body text-center\">\n<p><img decoding=\"async\" src=\"\/wp-content\/uploads\/2020\/08\/Mike-Shea.jpg\" alt=\"Mike Shea \"><\/p>\n<h4 class=\"toh-tc-title\">Mike Shea<\/h4>\n<p class=\"toh-tc-text\">Gestionnaire<br \/>\nAffaires et Informatique<\/p>\n<\/div>\n<\/div>\n<\/div>\n<div class=\"col-lg-4 col-md-4 col-sm-6 col-xs-12 mb-4\">\n<div class=\"toh-tc h-100\">\n<div class=\"toh-tc-body text-center\">\n<p><img decoding=\"async\" src=\"\/wp-content\/uploads\/2020\/08\/Sebastien-Jauneau.jpg\" alt=\"Sebastien Juneau \"><\/p>\n<h4 class=\"toh-tc-title\">Sebastien Juneau<\/h4>\n<p class=\"toh-tc-text\">Gestionnaire<br \/>\nOp\u00e9rations<\/p>\n<\/div>\n<\/div>\n<\/div>\n<div class=\"col-lg-4 col-md-4 col-sm-6 col-xs-12 mb-4\">\n<div class=\"toh-tc h-100\">\n<div class=\"toh-tc-body text-center\">\n<p><img decoding=\"async\" src=\"\/wp-content\/uploads\/2020\/08\/Anne-Maccosham.jpg\" alt=\"Anne Maccosham\"><\/p>\n<h4 class=\"toh-tc-title\">Anne Maccosham<\/h4>\n<p class=\"toh-tc-text\">Superviseure<br \/>\nServices administratifs<\/p>\n<\/div>\n<\/div>\n<\/div>\n<div class=\"col-lg-4 col-md-4 col-sm-6 col-xs-12 mb-4\">\n<div class=\"toh-tc h-100\">\n<div class=\"toh-tc-body text-center\">\n<p><img decoding=\"async\" src=\"\/wp-content\/uploads\/2020\/08\/Courtenay-Batista.jpg\" alt=\"Courtenay Batista \"><\/p>\n<h4 class=\"toh-tc-title\">Courtenay Batista<\/h4>\n<p class=\"toh-tc-text\">Superviseure<br \/>\nServices administratifs<\/p>\n<\/div>\n<\/div>\n<\/div>\n<div class=\"col-lg-4 col-md-4 col-sm-6 col-xs-12 mb-4\">\n<div class=\"toh-tc h-100\">\n<div class=\"toh-tc-body text-center\">\n<p><img decoding=\"async\" src=\"\/wp-content\/uploads\/2020\/08\/Richard-Aviv.jpg\" alt=\"Richard Aviv\"><\/p>\n<h4 class=\"toh-tc-title\">D<sup>r<\/sup> Richard Aviv<\/h4>\n<p class=\"toh-tc-text\">Head<br \/>\nMedical Imaging<\/p>\n<\/div>\n<\/div>\n<\/div>\n<div class=\"col-lg-4 col-md-4 col-sm-6 col-xs-12 mb-4\">\n<div class=\"toh-tc h-100\">\n<div class=\"toh-tc-body text-center\">\n<p><img decoding=\"async\" src=\"\/wp-content\/uploads\/2020\/08\/Rafael-Glikstein.jpg\" alt=\"Rafael Glikstein\"><\/p>\n<h4 class=\"toh-tc-title\">D<sup>r<\/sup> Rafael Glikstein<\/h4>\n<p class=\"toh-tc-text\">Chef<br \/>\nImagerie m\u00e9dicale<\/p>\n<\/div>\n<\/div>\n<\/div>\n<div class=\"col-lg-4 col-md-4 col-sm-6 col-xs-12 mb-4\">\n<div class=\"toh-tc h-100\">\n<div class=\"toh-tc-body text-center\">\n<p><img decoding=\"async\" src=\"\/wp-content\/uploads\/2020\/08\/Blair-Macdonald.jpg\" alt=\"Blair Macdonald\"><\/p>\n<h4 class=\"toh-tc-title\">D<sup>r<\/sup> Blair Macdonald<\/h4>\n<p class=\"toh-tc-text\">Responsable des services<br \/>\nTomodensitom\u00e9trie<\/p>\n<\/div>\n<\/div>\n<\/div>\n<div class=\"col-lg-4 col-md-4 col-sm-6 col-xs-12 mb-4\">\n<div class=\"toh-tc h-100\">\n<div class=\"toh-tc-body text-center\">\n<p><img decoding=\"async\" src=\"\/wp-content\/uploads\/2020\/08\/Santanu-Chakraborty.jpg\" alt=\"Santanu Chakraborty \"><\/p>\n<h4 class=\"toh-tc-title\">D<sup>r<\/sup> Santanu Chakraborty<\/h4>\n<p class=\"toh-tc-text\">M\u00e9decin responsable de la qualit\u00e9<\/p>\n<\/div>\n<\/div>\n<\/div>\n<div class=\"col-lg-4 col-md-4 col-sm-6 col-xs-12 mb-4\">\n<div class=\"toh-tc h-100\">\n<div class=\"toh-tc-body text-center\">\n<p><img decoding=\"async\" src=\"\/wp-content\/uploads\/2020\/08\/Cynthia-Walsh.jpg\" alt=\"Cynthia Walsh\"><\/p>\n<h4 class=\"toh-tc-title\">D<sup>re<\/sup> Cynthia Walsh<\/h4>\n<p class=\"toh-tc-text\">Responsable des services<br \/>\n\u00c9chographie<\/p>\n<\/div>\n<\/div>\n<\/div>\n<p><!--\n\n\n<div class=\"col-lg-4 col-md-4 col-sm-6 col-xs-12 mb-4\">\n\n\n<div class=\"toh-tc h-100\">\n\n\n<div class=\"toh-tc-body text-center\">\n\n<img decoding=\"async\" src=\"\/wp-content\/uploads\/2020\/08\/Marcos-Sampaio.jpg\" alt=\"Marcos Sampaio\" \/>\n\n\n<h4 class=\"toh-tc-title\">D<sup>r<\/sup> Marcos Sampaio<\/h4>\n\n\n\n\n<p class=\"toh-tc-text\">Responsable des services\nRadiographie g\u00e9n\u00e9rale<\/p>\n\n\n\n<\/div>\n\n\n<\/div>\n\n\n<\/div>\n\n\n--><\/div>\n","protected":false},"excerpt":{"rendered":"<p>Reece Bearnes Directeur, Soins ambulatoires Imagerie m\u00e9dicale et ambulatoire Ellen Alie Gestionnaire D\u00e9pistage et pr\u00e9vention int\u00e9gr\u00e9s du cancer et Imagerie du sein Paul Healey Gestionnaire Radiologie interventionnelle et Tomodensitom\u00e9trie Ines Lonz Gestionnaire M\u00e9decine nucl\u00e9aire et Imagerie par r\u00e9sonance magn\u00e9tique Sheila Dowel Gestionnaire M\u00e9decine nucl\u00e9aire et Imagerie par r\u00e9sonance magn\u00e9tique Tina Corriveau Responsable de la pratique [&hellip;]<\/p>\n","protected":false},"author":25,"featured_media":0,"parent":36918,"menu_order":0,"comment_status":"closed","ping_status":"closed","template":"","meta":{"_acf_changed":false,"_mc_calendar":[],"footnotes":""},"class_list":["post-36910","page","type-page","status-publish","hentry"],"acf":[],"wps_subtitle":"Notre \u00e9quipe","_links":{"self":[{"href":"https:\/\/www.ottawahospital.on.ca\/fr\/wp-json\/wp\/v2\/pages\/36910","targetHints":{"allow":["GET"]}}],"collection":[{"href":"https:\/\/www.ottawahospital.on.ca\/fr\/wp-json\/wp\/v2\/pages"}],"about":[{"href":"https:\/\/www.ottawahospital.on.ca\/fr\/wp-json\/wp\/v2\/types\/page"}],"author":[{"embeddable":true,"href":"https:\/\/www.ottawahospital.on.ca\/fr\/wp-json\/wp\/v2\/users\/25"}],"replies":[{"embeddable":true,"href":"https:\/\/www.ottawahospital.on.ca\/fr\/wp-json\/wp\/v2\/comments?post=36910"}],"version-history":[{"count":0,"href":"https:\/\/www.ottawahospital.on.ca\/fr\/wp-json\/wp\/v2\/pages\/36910\/revisions"}],"up":[{"embeddable":true,"href":"https:\/\/www.ottawahospital.on.ca\/fr\/wp-json\/wp\/v2\/pages\/36918"}],"wp:attachment":[{"href":"https:\/\/www.ottawahospital.on.ca\/fr\/wp-json\/wp\/v2\/media?parent=36910"}],"curies":[{"name":"wp","href":"https:\/\/api.w.org\/{rel}","templated":true}]}}