{"id":31050,"date":"2017-10-31T14:49:39","date_gmt":"2017-10-31T18:49:39","guid":{"rendered":"http:\/\/www.ottawahospital.on.ca\/?page_id=31050"},"modified":"2021-03-12T12:37:28","modified_gmt":"2021-03-12T17:37:28","slug":"drjerrymmaniate","status":"publish","type":"page","link":"https:\/\/www.ottawahospital.on.ca\/fr\/about-us\/notre-equipe-de-direction\/equipe-de-la-haute-direction\/drjerrymmaniate\/","title":{"rendered":"Dr Jerry M. Maniate"},"content":{"rendered":"<div class=\"wp-caption alignleft\" style=\"width: 145px;\"><img decoding=\"async\" class=\"img-responsive wp-image-51249 size-full\" src=\"https:\/\/www.ottawahospital.on.ca\/wp-content\/uploads\/2020\/01\/Maniate-Jerry-2018.jpg\" alt=\"Jerry M. Maniate\" width=\"135\" height=\"169\" \/><\/p>\n<p class=\"wp-caption-text\"><strong>Jerry M. Maniate<\/strong>, MD, M.Ed, FRCPC, FACP<br \/>\nVice-pr\u00e9sident, <span lang=\"EN-US\">Diversit\u00e9, Inclusion et Formation<\/span><\/p>\n<p class=\"wp-caption-text\"><strong>Renseignements<\/strong><br \/>\n<a href=\"mailto:jerry.maniate@toh.ca\">jerry.maniate@toh.ca<\/a><\/p>\n<\/div>\n<p>Le D<sup>r<\/sup> Maniate a \u00e9t\u00e9 nomm\u00e9 <span lang=\"EN-US\">Vice-pr\u00e9sident, Diversit\u00e9, Inclusion et Formation<\/span> de L\u2019H\u00f4pital d\u2019Ottawa \u00e0 compter du 1<sup>er<\/sup> novembre 2017.<\/p>\n<p>Le D<sup>r<\/sup> Maniate est venu s\u2019\u00e9tablir \u00e0 Ottawa apr\u00e8s avoir habit\u00e9 Toronto o\u00f9 il \u00e9tait enseignant clinicien communautaire (m\u00e9decine interne g\u00e9n\u00e9rale), le premier chef de la Formation m\u00e9dicale et de la Recherche ainsi que directeur de la Formation m\u00e9dicale \u00e0 la clinique d\u2019enseignement du Centre de sant\u00e9 St. Joseph\u2019s (Toronto). Auparavant, il a \u00e9t\u00e9 directeur adjoint des chercheurs au Centre Wilson, pr\u00e9sident du Comit\u00e9 de la formation du conseil de facult\u00e9 et professeur adjoint de m\u00e9decine \u00e0 l\u2019Universit\u00e9 de Toronto. Le D<sup>r<\/sup> Maniate \u0153uvre depuis longtemps \u00e0 la formation de r\u00e9sidents. D\u2019abord membre du Comit\u00e9 ex\u00e9cutif puis pr\u00e9sident de l\u2019Association canadienne des m\u00e9decins r\u00e9sidents (maintenant les M\u00e9decins r\u00e9sidents du Canada), il a ensuite collabor\u00e9 avec le Coll\u00e8ge royal des m\u00e9decins et chirurgiens du Canada dans le cadre de conf\u00e9rences (Conf\u00e9rence internationale sur la formation des r\u00e9sidents et Forum international des leaders en \u00e9ducation m\u00e9dicale) de m\u00eame qu\u2019au sein de divers comit\u00e9s et d\u2019\u00e9quipes charg\u00e9es de visites d\u2019agr\u00e9ment.<\/p>\n<p>Le D<sup>r<\/sup>\u00a0Maniate a jou\u00e9 un r\u00f4le de premier plan au sein d\u2019un groupe de travail du r\u00e9f\u00e9rentiel de comp\u00e9tences CanMEDS 2015 pour les m\u00e9decins du Coll\u00e8ge royal des m\u00e9decins et chirurgiens du Canada. Sur le plan de la formation \u00e0 l\u2019\u00e9chelle internationale, en 2016, le Coll\u00e8ge royal International l\u2019a nomm\u00e9 directeur r\u00e9gional pour l\u2019Oman, l\u2019Arabie saoudite et les \u00c9mirats arabes unis et directeur r\u00e9gional adjoint (perfectionnement du corps professoral) pour le Kowe\u00eft.<\/p>\n<p>\u00c0 titre de chercheur en \u00e9ducation, le D<sup>r<\/sup>\u00a0Maniate se penche actuellement sur deux principaux sujets qui s\u2019entrecoupent\u00a0: 1) explorer les effets d\u00e9sir\u00e9s et non d\u00e9sir\u00e9s de la mondialisation sur les syst\u00e8mes de formation m\u00e9dicale, notamment l\u2019agr\u00e9ment, l\u2019\u00e9valuation, la gouvernance, le programme d\u2019\u00e9tudes et la planification des ressources humaines en sant\u00e9 et 2) cr\u00e9er des mod\u00e8les originaux de formation m\u00e9dicale et de recherche.<\/p>\n","protected":false},"excerpt":{"rendered":"<p>Jerry M. Maniate, MD, M.Ed, FRCPC, FACP Vice-pr\u00e9sident, Diversit\u00e9, Inclusion et Formation Renseignements jerry.maniate@toh.ca Le Dr Maniate a \u00e9t\u00e9 nomm\u00e9 Vice-pr\u00e9sident, Diversit\u00e9, Inclusion et Formation de L\u2019H\u00f4pital d\u2019Ottawa \u00e0 compter du 1er novembre 2017. Le Dr Maniate est venu s\u2019\u00e9tablir \u00e0 Ottawa apr\u00e8s avoir habit\u00e9 Toronto o\u00f9 il \u00e9tait enseignant clinicien communautaire (m\u00e9decine interne g\u00e9n\u00e9rale), [&hellip;]<\/p>\n","protected":false},"author":25,"featured_media":0,"parent":4550,"menu_order":0,"comment_status":"closed","ping_status":"closed","template":"","meta":{"_acf_changed":false,"_mc_calendar":[],"footnotes":""},"class_list":["post-31050","page","type-page","status-publish","hentry"],"acf":[],"wps_subtitle":"","_links":{"self":[{"href":"https:\/\/www.ottawahospital.on.ca\/fr\/wp-json\/wp\/v2\/pages\/31050","targetHints":{"allow":["GET"]}}],"collection":[{"href":"https:\/\/www.ottawahospital.on.ca\/fr\/wp-json\/wp\/v2\/pages"}],"about":[{"href":"https:\/\/www.ottawahospital.on.ca\/fr\/wp-json\/wp\/v2\/types\/page"}],"author":[{"embeddable":true,"href":"https:\/\/www.ottawahospital.on.ca\/fr\/wp-json\/wp\/v2\/users\/25"}],"replies":[{"embeddable":true,"href":"https:\/\/www.ottawahospital.on.ca\/fr\/wp-json\/wp\/v2\/comments?post=31050"}],"version-history":[{"count":0,"href":"https:\/\/www.ottawahospital.on.ca\/fr\/wp-json\/wp\/v2\/pages\/31050\/revisions"}],"up":[{"embeddable":true,"href":"https:\/\/www.ottawahospital.on.ca\/fr\/wp-json\/wp\/v2\/pages\/4550"}],"wp:attachment":[{"href":"https:\/\/www.ottawahospital.on.ca\/fr\/wp-json\/wp\/v2\/media?parent=31050"}],"curies":[{"name":"wp","href":"https:\/\/api.w.org\/{rel}","templated":true}]}}