{"id":11376,"date":"2016-11-30T11:49:12","date_gmt":"2016-11-30T16:49:12","guid":{"rendered":"http:\/\/52.229.122.34\/fr\/?page_id=11376"},"modified":"2017-01-04T09:59:01","modified_gmt":"2017-01-04T14:59:01","slug":"maladies-de-loeil","status":"publish","type":"page","link":"https:\/\/www.ottawahospital.on.ca\/fr\/services-cliniques\/deptpgrmcs\/programmes\/centre-de-soins-oculaires\/maladies-de-loeil\/","title":{"rendered":"Maladies de l&rsquo;oeil"},"content":{"rendered":"<p>Voici une br\u00e8ve description de quelques maladies courantes de l\u2019oeil. Pour en savoir plus sur ces maladies et d\u2019autres probl\u00e8mes comme les cataractes, la d\u00e9g\u00e9n\u00e9rescence maculaire, le glaucome et l\u2019amblyopie, <strong>consultez le site Web de la Soci\u00e9t\u00e9 canadienne d\u2019ophtalmologie \u00e0 <a href=\"https:\/\/www.eyesite.ca\/\" target=\"_blank\">www.eyesite.ca<\/a>.<\/strong> Vous y trouverez des renseignements r\u00e9cents, en langage simple, en fran\u00e7ais et en anglais, sur divers sujets.<\/p>\n<div style=\"float:left; width:50%;\">\n<ul>\n<li><a href=\"#red_eye\">Rougeur de l\u2019oeil<\/a><\/li>\n<li><a href=\"#c\">Cataracte<\/a><\/li>\n<li><a href=\"#glau\">Glaucome<\/a><\/li>\n<li><a href=\"#graves\">Maladie de Graves<\/a><\/li>\n<li><a href=\"#low\">Basse vision<\/a><\/li>\n<\/ul>\n<\/div>\n<div style=\"float:left; width:50%;\">\n<ul>\n<li><a href=\"#mac\">D\u00e9g\u00e9n\u00e9rescence maculaire<\/a><\/li>\n<li><a href=\"#opticNeuro\">Maladies du nerf optique<\/a><\/li>\n<li><a href=\"#retdetach\">D\u00e9collement de la r\u00e9tine<\/a><\/li>\n<li><a href=\"#strab\">Strabisme<\/a><\/li>\n<\/ul>\n<\/div>\n<div class=\"clearblock\"><\/div>\n<h2 id=\"red_eye\">\nRougeur de l\u2019oeil<\/h2>\n<p>Nous aurons probablement les yeux rouges un jour ou l\u2019autre de notre vie, mais il peut \u00eatre difficile de trouver la cause exacte du probl\u00e8me. Le diagnostic le plus fr\u00e9quent est la conjonctivite aigu\u00eb, mais son origine est mal connue. Apr\u00e8s un bilan de sant\u00e9 et un examen attentif du visage, des paupi\u00e8res, de la conjonctive et de la corn\u00e9e, le m\u00e9decin pose un diagnostic pr\u00e9liminaire qui guide le traitement.<\/p>\n<h2 id=\"c\">Cataracte<\/h2>\n<p>Il n\u2019est pas n\u00e9cessaire de changer sa vie \u00e0 cause des cataractes! Elles font normalement partie du vieillissement et peuvent \u00eatre trait\u00e9es. La vision revient compl\u00e8tement ou en grande partie apr\u00e8s le traitement. Les personnes peuvent donc recommencer \u00e0 faire ce qu\u2019elles aiment. Une cataracte est l\u2019embrouillement graduel du cristallin de l\u2019oeil, qui produit une image floue ou impr\u00e9cise et entra\u00eene une sensibilit\u00e9 \u00e0 la lumi\u00e8re.<\/p>\n<p>Le chirurgien ophtalmologique corrige le probl\u00e8me en enlevant le cristallin endommag\u00e9. Il le remplace par une lentille artificielle transparente. La chirurgie est de courte dur\u00e9e. Vous pouvez retourner \u00e0 la maison le m\u00eame jour et reprendre vos activit\u00e9s habituelles peu apr\u00e8s. Parlez \u00e0 votre sp\u00e9cialiste des yeux et vous verrez \u00e0 quoi vous pouvez vous attendre. Cliquez ici pour plus d&rsquo;information sur les <a href=\"\/fr\/qualite-et-securite\/rendre-compte\/temps-dattente-pour-soins-medicaux\/chirurgie-de-la-cataracte\/\" target=\"_blank\">temps d&rsquo;attente pour une chirurgie de la cataracte \u00e0 L&rsquo;HO<\/a>.<\/p>\n<h2 id=\"glau\">Glaucome<\/h2>\n<p>Le glaucome est la principale cause de la perte de la vue. Il peut se produire chez n\u2019importe qui, sans que la personne ne sache qu\u2019elle en souffre. Vous courez plus de risque :<\/p>\n<ul>\n<li>si un membre de votre famille est atteint de glaucome;<\/li>\n<li>si vous avez plus de 50 ans;<\/li>\n<li>si vous \u00eates d\u2019origine afro-canadienne.<\/li>\n<\/ul>\n<p>Faites examiner vos yeux r\u00e9guli\u00e8rement par un sp\u00e9cialiste. Vous verrez que vous avez tout \u00e0 gagner. Si le glaucome est d\u00e9couvert et trait\u00e9 \u00e0 temps, vous pouvez sauver votre vue!<\/p>\n<h2 id=\"graves\">Maladie de Graves<\/h2>\n<p>La maladie de Graves entra\u00eene un grossissement du haut des muscles de l\u2019oeil, qui stimule d\u2019autres cellules. Du liquide entre dans le muscle et y reste. Il se forme \u00e9ventuellement une cicatrice. De plus, l\u2019enflure des muscles pousse l\u2019oeil en avant et le fait ressortir.<\/p>\n<p>Les personnes atteintes ont donc de la difficult\u00e9 \u00e0 fermer les yeux. Leurs yeux sont secs, irrit\u00e9s et l\u2019inflammation augmente. En se for\u00e7ant pour fermer les paupi\u00e8res, la personne fronce les sourcils ou ses muscles enflent. La pression sur le nerf optique peut rendre aveugle si le probl\u00e8me n\u2019est pas trait\u00e9 \u00e0 temps.<\/p>\n<h2 id=\"low\">Basse vision<\/h2>\n<p>M\u00eame si la vue de centaines de patients de l\u2019Institut de l\u2019oeil s\u2019am\u00e9liore gr\u00e2ce \u00e0 des technologies de pointe et des traitements sp\u00e9cialis\u00e9s, une petite proportion de la population continue de ressentir l\u2019impact d\u2019une vision r\u00e9duite. Il peut \u00eatre difficile de s\u2019adapter aux changements graduels. Les sp\u00e9cialistes de la basse vision peuvent aider les patients \u00e0 s\u2019ajuster au degr\u00e9 de vision qu\u2019il leur reste. Ce probl\u00e8me est plus fr\u00e9quent chez les personnes \u00e2g\u00e9es.<\/p>\n<p>Divers troubles peuvent nuire \u00e0 l\u2019oeil et au syst\u00e8me de la vue et affaiblir la vision. Ce sont, par exemple, des anomalies \u00e0 la naissance, des blessures, certaines maladies ou encore le vieillissement. La cause la plus courante de la basse vision est la d\u00e9g\u00e9n\u00e9rescence maculaire. C\u2019est une maladie de la r\u00e9tine ou de la couche int\u00e9rieure de l\u2019oeil qui capte la lumi\u00e8re et vous permet de voir.<\/p>\n<p>La basse vision affecte le plus souvent la vision centrale ou de lecture. Parmi les autres genres de basse vision, il y a la r\u00e9duction de la vision de c\u00f4t\u00e9 (p\u00e9riph\u00e9rique) et de la perception des couleurs. Vos yeux peuvent aussi perdre la capacit\u00e9 de s\u2019ajuster \u00e0 la lumi\u00e8re, aux contrastes ou aux reflets. Le type d\u2019aide visuelle varie selon le genre de basse vision.<\/p>\n<h2 id=\"mac\">D\u00e9g\u00e9n\u00e9rescence maculaire<\/h2>\n<p>La d\u00e9g\u00e9n\u00e9rescence maculaire est la principale cause de la perte de la vue. La macula est un petit point pr\u00e8s de l\u2019arri\u00e8re de l\u2019oeil qui envoie au cerveau les images que vous voyez. \u00c0 mesure qu\u2019elle se d\u00e9t\u00e9riore avec l\u2019\u00e2ge, les sympt\u00f4mes suivants peuvent appara\u00eetre :<\/p>\n<ul>\n<li>vision centrale floue;<\/li>\n<li>lignes d\u00e9form\u00e9es ou en vagues et perte des d\u00e9tails;<\/li>\n<li>difficult\u00e9 \u00e0 voir les couleurs.<\/li>\n<\/ul>\n<p>Demandez \u00e0 votre sp\u00e9cialiste des yeux quels sont les traitements ou les aides visuelles disponibles.<\/p>\n<h2 id=\"opticNeuro\">Maladies du nerf optique<\/h2>\n<p>La neuropathie optique d\u00e9my\u00e9linisante (n\u00e9vrite optique ou n\u00e9vrite r\u00e9trobulbaire) est une inflammation aigu\u00eb du nerf optique, qui touche g\u00e9n\u00e9ralement les jeunes adultes. Elle se pr\u00e9sente comme une perte de la vue importante, presque toujours d\u2019un seul c\u00f4t\u00e9.<\/p>\n<p>La vue diminue g\u00e9n\u00e9ralement peu \u00e0 peu pendant quelques jours. Ensuite, la vision reste stable durant une ou deux semaines, puis elle s\u2019am\u00e9liore graduellement. Les chances de retrouver la vue sont excellentes avec ou sans traitement.<\/p>\n<p>On recommande aux patients qui ont ce probl\u00e8me de se faire traiter, parce qu\u2019ils sont \u00e0 risque \u00e9lev\u00e9 d\u2019avoir plus tard la scl\u00e9rose en plaques (SEP).<\/p>\n<p>Selon de r\u00e9centes \u00e9tudes sur les traitements faites dans plusieurs centres, il est tr\u00e8s important de recevoir des soins appropri\u00e9s d\u00e8s les premiers jours suivant l\u2019apparition du probl\u00e8me.<\/p>\n<p>Les solutions de st\u00e9ro\u00efdes intraveineuses n\u2019am\u00e9liorent pas les chances de retrouver la vue dans l\u2019imm\u00e9diat, mais elles semblent retarder l\u2019apparition de la SEP d\u2019au moins deux ans pour les patients qui, selon leurs radiographies, sont \u00e0 risque plus \u00e9lev\u00e9 d\u2019avoir la SEP.<\/p>\n<h2 id=\"retdetach\">D\u00e9collement de la r\u00e9tine<\/h2>\n<p>La r\u00e9tine est le prolongement du cerveau sensible \u00e0 la lumi\u00e8re qui recouvre l\u2019int\u00e9rieur du globe oculaire. Elle d\u00e9tecte la lumi\u00e8re et transforme l\u2019image du monde ext\u00e9rieur en impulsions \u00e9lectriques. Ces messages sont envoy\u00e9s de l\u2019oeil jusqu\u2019au cerveau et sont interpr\u00e9t\u00e9s le long du nerf optique.<\/p>\n<p>La r\u00e9tine se compare au film d\u2019un appareil photo. Si la r\u00e9tine ne fonctionne pas bien, vous ne voyez pas bien ou m\u00eame, pas du tout.<\/p>\n<p>Il y a deux sortes de d\u00e9collement de la r\u00e9tine :<\/p>\n<ul>\n<li><strong>Les d\u00e9collements exsudatifs de la r\u00e9tine <\/strong>sont caus\u00e9s par l\u2019accumulation de liquide entre la r\u00e9tine et les couches ext\u00e9rieures de l\u2019oeil. Ce liquide se forme pour toutes sortes de raisons, comme une inflammation ou une tumeur. Lorsque la r\u00e9tine se d\u00e9tache des enveloppes de l\u2019oeil, elle ne fonctionne pas bien et embrouille la vue \u00e0 l\u2019endroit o\u00f9 elle se d\u00e9colle.<\/li>\n<li><strong>Les d\u00e9collements rhegmatog\u00e8nes de la r\u00e9tine <\/strong>sont dus \u00e0 des trous qui se forment dans la r\u00e9tine. Le liquide coule de la chambre du corps vitr\u00e9 et d\u00e9tache la r\u00e9tine des enveloppes ext\u00e9rieures de l\u2019oeil. Ces trous ou cassures dans la r\u00e9tine se forment \u00e0 cause d\u2019un coup, d\u2019une forte myopie ou presbytie (le fait de mal voir de loin ou de proche) ou de rares maladies de famille.<\/li>\n<\/ul>\n<h2 id=\"strab\">Strabisme<\/h2>\n<p>Le strabisme est le terme m\u00e9dical utilis\u00e9 pour le probl\u00e8me d\u2019un \u0153il ou des deux yeux qui ne sont pas bien align\u00e9s. Il y a trois sortes de strabisme :<\/p>\n<ul>\n<li>l&rsquo;\u00e9sotropie ou les yeux d\u00e9vi\u00e9s vers l\u2019int\u00e9rieur (convergents). C\u2019est ce qu\u2019on appelle souvent les \u00ab yeux croches \u00bb;<\/li>\n<li>l&rsquo;exotropie ou les yeux d\u00e9vi\u00e9s vers l\u2019ext\u00e9rieur (divergents);<\/li>\n<li>l&rsquo;hypertropie. C\u2019est un strabisme vertical, c\u2019est-\u00e0-dire que les yeux sont mal align\u00e9s \u00e0 la verticale.<\/li>\n<\/ul>\n","protected":false},"excerpt":{"rendered":"<p>Voici une br\u00e8ve description de quelques maladies courantes de l\u2019oeil. Pour en savoir plus sur ces maladies et d\u2019autres probl\u00e8mes comme les cataractes, la d\u00e9g\u00e9n\u00e9rescence maculaire, le glaucome et l\u2019amblyopie, consultez le site Web de la Soci\u00e9t\u00e9 canadienne d\u2019ophtalmologie \u00e0 www.eyesite.ca. Vous y trouverez des renseignements r\u00e9cents, en langage simple, en fran\u00e7ais et en anglais, [&hellip;]<\/p>\n","protected":false},"author":25,"featured_media":0,"parent":11354,"menu_order":3,"comment_status":"closed","ping_status":"closed","template":"","meta":{"_acf_changed":false,"_mc_calendar":[],"footnotes":""},"class_list":["post-11376","page","type-page","status-publish","hentry"],"acf":[],"wps_subtitle":"","_links":{"self":[{"href":"https:\/\/www.ottawahospital.on.ca\/fr\/wp-json\/wp\/v2\/pages\/11376","targetHints":{"allow":["GET"]}}],"collection":[{"href":"https:\/\/www.ottawahospital.on.ca\/fr\/wp-json\/wp\/v2\/pages"}],"about":[{"href":"https:\/\/www.ottawahospital.on.ca\/fr\/wp-json\/wp\/v2\/types\/page"}],"author":[{"embeddable":true,"href":"https:\/\/www.ottawahospital.on.ca\/fr\/wp-json\/wp\/v2\/users\/25"}],"replies":[{"embeddable":true,"href":"https:\/\/www.ottawahospital.on.ca\/fr\/wp-json\/wp\/v2\/comments?post=11376"}],"version-history":[{"count":0,"href":"https:\/\/www.ottawahospital.on.ca\/fr\/wp-json\/wp\/v2\/pages\/11376\/revisions"}],"up":[{"embeddable":true,"href":"https:\/\/www.ottawahospital.on.ca\/fr\/wp-json\/wp\/v2\/pages\/11354"}],"wp:attachment":[{"href":"https:\/\/www.ottawahospital.on.ca\/fr\/wp-json\/wp\/v2\/media?parent=11376"}],"curies":[{"name":"wp","href":"https:\/\/api.w.org\/{rel}","templated":true}]}}